{"id":3323,"date":"2020-11-17T18:55:38","date_gmt":"2020-11-17T17:55:38","guid":{"rendered":"https:\/\/www.digital-eyes.fr\/fr\/?page_id=3323"},"modified":"2022-08-17T11:25:46","modified_gmt":"2022-08-17T10:25:46","slug":"a-propos","status":"publish","type":"page","link":"https:\/\/www.digital-eyes.fr\/fr\/a-propos\/","title":{"rendered":"En savoir plus sur Digital-Eyes et recrutement"},"content":{"rendered":"<p>[et_pb_section fb_built=&#8221;1&#8243; _builder_version=&#8221;4.17.6&#8243; background_color=&#8221;#102F46&#8243; use_background_color_gradient=&#8221;on&#8221; background_color_gradient_stops=&#8221;#08385b 0%|#001523 100%&#8221; background_color_gradient_start=&#8221;#08385b&#8221; background_color_gradient_end=&#8221;#001523&#8243; custom_margin=&#8221;-215px||||false|false&#8221; custom_padding=&#8221;250px||42px|0px|false|false&#8221; top_divider_color=&#8221;#226699&#8243; animation_style=&#8221;zoom&#8221; animation_duration=&#8221;1500ms&#8221; animation_intensity_zoom=&#8221;100%&#8221; background_color_gradient_stops_tablet=&#8221;#08385b 0%|#001523 100%&#8221; background_color_gradient_stops_phone=&#8221;#08385b 0%|#001523 100%&#8221; border_width_bottom=&#8221;3px&#8221; border_color_bottom=&#8221;#F89838&#8243; box_shadow_style=&#8221;preset3&#8243; global_module=&#8221;2284&#8243; saved_tabs=&#8221;all&#8221; locked=&#8221;off&#8221; global_colors_info=&#8221;{}&#8221;][et_pb_row _builder_version=&#8221;4.16&#8243; _module_preset=&#8221;default&#8221; animation_style=&#8221;slide&#8221; animation_duration=&#8221;650ms&#8221; animation_intensity_slide=&#8221;100%&#8221; animation_starting_opacity=&#8221;60%&#8221; global_colors_info=&#8221;{}&#8221;][et_pb_column type=&#8221;4_4&#8243; _builder_version=&#8221;4.16&#8243; _module_preset=&#8221;default&#8221; global_colors_info=&#8221;{}&#8221;][et_pb_text _builder_version=&#8221;4.17.6&#8243; _dynamic_attributes=&#8221;content&#8221; _module_preset=&#8221;default&#8221; text_orientation=&#8221;center&#8221; background_layout=&#8221;dark&#8221; animation_style=&#8221;slide&#8221; animation_direction=&#8221;top&#8221; animation_duration=&#8221;700ms&#8221; animation_intensity_slide=&#8221;100%&#8221; animation_starting_opacity=&#8221;100%&#8221; global_colors_info=&#8221;{}&#8221;]@ET-DC@eyJkeW5hbWljIjp0cnVlLCJjb250ZW50IjoicG9zdF9leGNlcnB0Iiwic2V0dGluZ3MiOnsiYmVmb3JlIjoiPGgxPiIsImFmdGVyIjoiPC9oMT4iLCJ3b3JkcyI6IiIsInJlYWRfbW9yZV9sYWJlbCI6IiJ9fQ==@[\/et_pb_text][\/et_pb_column][\/et_pb_row][\/et_pb_section][et_pb_section fb_built=&#8221;1&#8243; _builder_version=&#8221;4.16&#8243; background_color=&#8221;RGBA(0,0,0,0)&#8221; bottom_divider_color=&#8221;#ffffff&#8221; animation_direction=&#8221;top&#8221; locked=&#8221;off&#8221; global_colors_info=&#8221;{}&#8221;][et_pb_row _builder_version=&#8221;4.17.6&#8243; _module_preset=&#8221;default&#8221; locked=&#8221;off&#8221; global_colors_info=&#8221;{}&#8221;][et_pb_column type=&#8221;4_4&#8243; _builder_version=&#8221;4.17.6&#8243; _module_preset=&#8221;default&#8221; custom_padding=&#8221;22px|22px|22px|22px|true|true&#8221; border_radii=&#8221;on|22px|22px|22px|22px&#8221; global_colors_info=&#8221;{}&#8221;][et_pb_text _builder_version=&#8221;4.16&#8243; header_font=&#8221;||||||||&#8221; header_2_font=&#8221;||||||||&#8221; header_3_font=&#8221;||||||||&#8221; header_3_text_color=&#8221;#ffffff&#8221; global_colors_info=&#8221;{}&#8221;]<\/p>\n<h2>Nos valeurs<\/h2>\n<p style=\"text-align: justify;\">Digital-Eyes accompagne artisans, professions lib\u00e9rales, SCP et TPE dans la r\u00e9alisation de syst\u00e8mes informatiques s\u00fbrs, fiables et \u00e9conomiques. Nous centralisons vos donn\u00e9es sur des serveurs que nous installons chez vous. De cette fa\u00e7on, vos donn\u00e9es sont toujours disponibles, en s\u00e9curit\u00e9 et la maintenance est facilit\u00e9e. Ces serveurs seront dimensionn\u00e9s selon vos besoins, et nous vous guiderons pour en exploiter tout le potentiel.<\/p>\n<p style=\"text-align: justify;\">Nous souhaitons \u00e9galement accompagner les particuliers vers des solutions informatiques plus fiables, donner les moyens de sauvegarder leurs documents et souvenirs num\u00e9riques, exploiter et partager leur contenu et rendre plus facile leur compr\u00e9hension de l&#8217;informatique.<\/p>\n<p>[\/et_pb_text][\/et_pb_column][\/et_pb_row][et_pb_row _builder_version=&#8221;4.17.6&#8243; _module_preset=&#8221;774a206b-acb0-4f3e-8463-f7e0e602e8db&#8221; hover_enabled=&#8221;0&#8243; sticky_enabled=&#8221;0&#8243;][et_pb_column _builder_version=&#8221;4.17.6&#8243; _module_preset=&#8221;default&#8221; type=&#8221;4_4&#8243;][et_pb_text _builder_version=&#8221;4.17.6&#8243; _module_preset=&#8221;default&#8221; text_orientation=&#8221;center&#8221; background_layout=&#8221;dark&#8221; custom_padding=&#8221;22px|22px|22px|22px|true|true&#8221; global_colors_info=&#8221;{}&#8221; sticky_enabled=&#8221;0&#8243;]<\/p>\n<h2>Nous avons \u00e0 coeur la protection de vos donn\u00e9es <br \/>et nous vous permettons de gagner en efficacit\u00e9 avec vos nouveaux outils performants, fiables, et rentables.<\/h2>\n<p>[\/et_pb_text][\/et_pb_column][\/et_pb_row][et_pb_row _builder_version=&#8221;4.17.6&#8243; _module_preset=&#8221;default&#8221; locked=&#8221;off&#8221; global_colors_info=&#8221;{}&#8221;][et_pb_column type=&#8221;4_4&#8243; _builder_version=&#8221;4.17.6&#8243; _module_preset=&#8221;default&#8221; custom_padding=&#8221;22px|22px|22px|22px|true|true&#8221; border_radii=&#8221;on|22px|22px|22px|22px&#8221; global_colors_info=&#8221;{}&#8221;][et_pb_text _builder_version=&#8221;4.17.6&#8243; text_font=&#8221;||||||||&#8221; header_font=&#8221;||||||||&#8221; header_2_font=&#8221;||||||||&#8221; header_3_font=&#8221;||||||||&#8221; min_height=&#8221;123px&#8221; global_module=&#8221;7093&#8243; locked=&#8221;off&#8221; global_colors_info=&#8221;{}&#8221;]<\/p>\n<h2>Notre d\u00e9marche<\/h2>\n<h3>La s\u00e9curisation des donn\u00e9es, un r\u00e9el besoin<\/h3>\n<p style=\"text-align: justify;\"><strong><\/strong><\/p>\n<p style=\"text-align: justify;\">Avec la transformation num\u00e9rique de nos entreprises et de nos usages, l&#8217;utilisation syst\u00e9matique de smartphones ou d&#8217;ordinateurs comme outils de travail pour produire des documents&#8230; l&#8217;informatique est devenue indispensable et a largement contribu\u00e9 au confort et au gain en productivit\u00e9. En simplifiant un peu, l&#8217;ensemble des outils (logiciels, services), documents num\u00e9riques et donn\u00e9es produites constituent alors le <strong>syst\u00e8me d&#8217;information de l&#8217;entreprise<\/strong>.<\/p>\n<p style=\"text-align: justify;\">C&#8217;est alors que la <strong>perte de donn\u00e9es est une probl\u00e9matique li\u00e9es aux nouvelles technologies<\/strong>. Ces pertes de donn\u00e9es peuvent \u00eatre caus\u00e9es par un sinistre, comme un <strong>vol ou une panne de mat\u00e9riel<\/strong>, un <strong>cambriolage ou un incendie de vos locaux<\/strong>, par des <strong>logiciels malveillants<\/strong>. Mais aussi par de la <strong>collecte de donn\u00e9es<\/strong> non souhait\u00e9es, des fuites ou la destruction de donn\u00e9es avec des risques accrus comme ceux provoqu\u00e9s par des <strong>cyber-attaques cibl\u00e9es<\/strong> (contexte g\u00e9opolitique, vol industriel), ou des syst\u00e8mes informatiques ou <strong>objets connect\u00e9s mal configur\u00e9s<\/strong> qui sont susceptibles d&#8217;\u00eatre pirat\u00e9s et de donner acc\u00e8s \u00e0 vos donn\u00e9es sans que vous le sachiez.<\/p>\n<p style=\"text-align: justify;\">Ainsi, <strong>40 % des petites entreprises<\/strong> ne font pas le n\u00e9cessaire pour pr\u00e9server leurs donn\u00e9es informatiques. Parfois en n\u00e9gligeant compl\u00e8tement les sauvegardes, parfois en pensant que ces sauvegardes sont faites correctement alors qu&#8217;elles ne se font pas bien ou plus du tout. On constate alors que <strong>s<\/strong><strong>ix entreprises sur dix d\u00e9posent le bilan<\/strong> \u00e0 cause de la <strong>perte de leur syst\u00e8me d&#8217;information<\/strong>.<\/p>\n<p style=\"text-align: justify;\">\n[\/et_pb_text][\/et_pb_column][\/et_pb_row][et_pb_row _builder_version=&#8221;4.17.6&#8243; _module_preset=&#8221;774a206b-acb0-4f3e-8463-f7e0e602e8db&#8221; hover_enabled=&#8221;0&#8243; sticky_enabled=&#8221;0&#8243;][et_pb_column _builder_version=&#8221;4.17.6&#8243; _module_preset=&#8221;default&#8221; type=&#8221;4_4&#8243;][et_pb_text _builder_version=&#8221;4.17.6&#8243; _module_preset=&#8221;default&#8221; text_orientation=&#8221;center&#8221; background_layout=&#8221;dark&#8221; custom_padding=&#8221;22px|22px|22px|22px|true|true&#8221; global_colors_info=&#8221;{}&#8221;]<\/p>\n<h2>Professionnel ind\u00e9pendant, Tr\u00e8s Petite Entreprise, ou Entreprise Taille Moyenne,\u00a0<br \/>nous vous accompagnons pour vous assurer que vos donn\u00e9es soient sauvegard\u00e9es, votre syst\u00e8me informatique prot\u00e9g\u00e9,<br \/>et qu&#8217;en cas de sinistre, vous puissiez rapidement reprendre votre activit\u00e9.<\/h2>\n<p>[\/et_pb_text][\/et_pb_column][\/et_pb_row][et_pb_row _builder_version=&#8221;4.17.6&#8243; _module_preset=&#8221;default&#8221;][et_pb_column _builder_version=&#8221;4.17.6&#8243; _module_preset=&#8221;default&#8221; type=&#8221;4_4&#8243;][et_pb_text _builder_version=&#8221;4.17.6&#8243; _module_preset=&#8221;default&#8221; global_colors_info=&#8221;{}&#8221;]<\/p>\n<p style=\"text-align: justify;\">Par ailleurs, la loi sur la protection des donn\u00e9es (<strong>RGPD<\/strong>), le <strong>CLOUD ACT<\/strong>, la d\u00e9mat\u00e9rialisation et le mod\u00e8le \u00e9conomique des <strong>logiciels SaaS<\/strong> (logiciel ou service en mode tout cloud en abonnement), l\u2019utilisation massive des donn\u00e9es par de grandes entreprises (GAFAM qu&#8217;on appelle d\u00e9sormais <strong>Big Five<\/strong> ou Big Techs suite au changement de nom des holdings), nous poussent naturellement \u00e0 nous questionner ou devraient nous questionner sur <strong>comment sont utilis\u00e9es nos donn\u00e9es<\/strong>, et alors \u00e0 mettre en place des alternatives o\u00f9 <strong>vos donn\u00e9es sont vos donn\u00e9es<\/strong>. Il existe un mouvement et des initiatives privil\u00e9giant la <strong>souverainet\u00e9 de nos donn\u00e9es<\/strong>. Digital-Eyes soutient des projets ou logiciels qui suivent ces valeurs, comme par exemple le syst\u00e8me d&#8217;exploitation &#8220;d\u00e9googlelis\u00e9&#8221; pour smartphone : <a href=\"https:\/\/e.foundation\/fr\/\"><strong>\/e\/ <\/strong><\/a>; le navigateur internet avec bloqueur de traceur publicitaire int\u00e9gr\u00e9 par d\u00e9faut : <a href=\"https:\/\/brave.com\/fr\/\">Brave <\/a>; l&#8217;initiative de <a href=\"https:\/\/www.chatons.org\/\">chatons.org<\/a> qui promeut une <strong>d\u00e9centralisation de vos donn\u00e9es<\/strong> en utilisant vos propres <strong>cloud h\u00e9berg\u00e9s \u00e0 proximit\u00e9 <\/strong>; les syst\u00e8mes d&#8217;exploitation Linux (<a href=\"https:\/\/zorin.com\/os\/\">ZorinOS<\/a> bas\u00e9 sur Ubuntu qui est un\u00a0<strong>linux tr\u00e8s facile d&#8217;acc\u00e8s pour les utilisateurs Windows et MacOS<\/strong>) qui de part leur conception ouverte et leur philosophie sont pr\u00e9vus pour favoriser cette neutralit\u00e9 et confidentialit\u00e9.<\/p>\n<p style=\"text-align: justify;\">\n<h3>L\u2019informatique, c\u2019est compliqu\u00e9 ?<\/h3>\n<p style=\"text-align: justify;\">Nous pensons qu\u2019<strong>un bon outil doit \u00eatre \u00e0 votre service<\/strong>, et non l\u2019inverse. C\u2019est pourquoi nous s\u00e9lectionnons des <strong>outils simples d\u2019emploi<\/strong> que vous pourrez rapidement vous approprier pour <strong>gagner en autonomie<\/strong>. Et quand vous souhaiterez <strong>vous consacrer \u00e0 votre activit\u00e9<\/strong>, et <strong>d\u00e9l\u00e9guer la gestion de votre informatique<\/strong>, alors nous pourrons \u00e9galement faire cette gestion pour vous.<\/p>\n<p style=\"text-align: justify;\">Par ailleurs, pour nous, &#8220;accompagner&#8221;, cela veut dire aussi &#8220;expliquer&#8221;. C&#8217;est pourquoi nous veillons \u00e0 vous <strong>sensibiliser aux risques cyber<\/strong>\u00a0et que nous faisons de la p\u00e9dagogie pour vous aider \u00e0 <strong>mieux comprendre les technologies<\/strong> que vous utilisez.<\/p>\n<p style=\"text-align: justify;\">Nous avons une <strong>d\u00e9marche privil\u00e9giant la qualit\u00e9<\/strong>, nous s\u00e9lectionnons du mat\u00e9riel selon leurs caract\u00e9ristiques fonctionnelles, mais nous vous conseillons le mat\u00e9riel qui pour nous a fait ses preuves en terme de fiabilit\u00e9 et d&#8217;\u00e9volutivit\u00e9. Il peut en r\u00e9sulter un investissement initial plus important, mais nous privil\u00e9gions ainsi le <strong>meilleur rapport qualit\u00e9\/prix<\/strong> et un bon retour sur investissement.<\/p>\n<h3 style=\"text-align: justify;\">Quelle solution ?<\/h3>\n<p style=\"text-align: justify;\">Laissez-nous vous accompagner et construisons ensemble la solution adapt\u00e9e \u00e0 vos besoins qui vous permettra de gagner en efficacit\u00e9, en autonomie et en s\u00e9r\u00e9nit\u00e9.<\/p>\n<p>[\/et_pb_text][\/et_pb_column][\/et_pb_row][et_pb_row _builder_version=&#8221;4.17.6&#8243; _module_preset=&#8221;774a206b-acb0-4f3e-8463-f7e0e602e8db&#8221; hover_enabled=&#8221;0&#8243; sticky_enabled=&#8221;0&#8243;][et_pb_column _builder_version=&#8221;4.17.6&#8243; _module_preset=&#8221;default&#8221; type=&#8221;4_4&#8243;][et_pb_text _builder_version=&#8221;4.17.6&#8243; _module_preset=&#8221;default&#8221; text_orientation=&#8221;center&#8221; background_layout=&#8221;dark&#8221; custom_padding=&#8221;22px|22px|22px|22px|true|true&#8221; hover_enabled=&#8221;0&#8243; global_colors_info=&#8221;{}&#8221; sticky_enabled=&#8221;0&#8243;]<\/p>\n<h2>Nos exp\u00e9riences et savoir-faire sont multiples,<br \/>nous esp\u00e9rons construire une relation de confiance et devenir votre interlocuteur privil\u00e9gi\u00e9.<\/h2>\n<p>[\/et_pb_text][\/et_pb_column][\/et_pb_row][\/et_pb_section][et_pb_section fb_built=&#8221;1&#8243; _builder_version=&#8221;4.16&#8243; background_color=&#8221;RGBA(0,0,0,0)&#8221; custom_margin=&#8221;|||&#8221; bottom_divider_color=&#8221;#adadad&#8221; animation_direction=&#8221;top&#8221; custom_css_main_element=&#8221;min-height:100%;&#8221; border_radii=&#8221;on|0px|0px|0px|0px&#8221; locked=&#8221;off&#8221; global_colors_info=&#8221;{}&#8221;][et_pb_row column_structure=&#8221;1_2,1_2&#8243; make_equal=&#8221;on&#8221; _builder_version=&#8221;4.16&#8243; global_colors_info=&#8221;{}&#8221;][et_pb_column type=&#8221;1_2&#8243; _builder_version=&#8221;4.16&#8243; custom_padding=&#8221;|||&#8221; global_colors_info=&#8221;{}&#8221; custom_padding__hover=&#8221;|||&#8221;][et_pb_team_member name=&#8221;Franck Ricci&#8221; position=&#8221;Expert technique&#8221; image_url=&#8221;https:\/\/www.digital-eyes.fr\/wp-content\/uploads\/2022\/08\/Photo-Franck-Franck-Patras-EEP.jpg&#8221; linkedin_url=&#8221;https:\/\/www.linkedin.com\/in\/franck-ricci-bab474a9\/&#8221; _builder_version=&#8221;4.17.6&#8243; header_level=&#8221;h3&#8243; header_font=&#8221;||||||||&#8221; header_text_align=&#8221;center&#8221; body_font=&#8221;||||||||&#8221; body_text_align=&#8221;justify&#8221; transform_scale=&#8221;100%|100%&#8221; text_orientation=&#8221;left&#8221; module_alignment=&#8221;center&#8221; animation_style=&#8221;zoom&#8221; custom_css_member_image=&#8221;margin: 0 auto;||width: 100%; ||&#8221; border_radii_image=&#8221;on|264px|264px|264px|264px&#8221; border_width_all_image=&#8221;4px&#8221; border_color_all_image=&#8221;#226699&#8243; global_colors_info=&#8221;{}&#8221;]<\/p>\n<p>Je suis chef d&#8217;entreprise de Digital-Eyes et votre expert technique. Ouvert d&#8217;esprit, cr\u00e9atif, curieux, et passionn\u00e9 par les technologies. Quand je ne suis pas en train de m&#8217;occuper de nos clients, je suis en qu\u00eate de nouvelles solutions ind\u00e9pendantes, fiables, simples d&#8217;utilisation et \u00e9conomiques pour \u00e9largir notre \u00e9ventail de solutions et toujours proposer les meilleures options se rapprochant de nos valeurs : s\u00e9curisation, ma\u00eetrise, et partage en toute autonomie.<\/p>\n<p>[\/et_pb_team_member][\/et_pb_column][et_pb_column type=&#8221;1_2&#8243; _builder_version=&#8221;4.16&#8243; custom_padding=&#8221;|||&#8221; global_colors_info=&#8221;{}&#8221; custom_padding__hover=&#8221;|||&#8221;][et_pb_team_member name=&#8221;Rejoignez-nous&#8221; position=&#8221;Nous cherchons des collaborateurs&#8221; image_url=&#8221;https:\/\/www.digital-eyes.fr\/wp-content\/uploads\/2020\/11\/logo-NG3-opaque-marges.png&#8221; facebook_url=&#8221;https:\/\/www.facebook.com\/DigitalEyes.fr13&#8243; linkedin_url=&#8221;https:\/\/www.linkedin.com\/company\/digital-eyes-fr&#8221; _builder_version=&#8221;4.16&#8243; header_level=&#8221;h3&#8243; header_font=&#8221;||||||||&#8221; header_text_align=&#8221;center&#8221; body_font=&#8221;||||||||&#8221; body_text_align=&#8221;justify&#8221; transform_scale=&#8221;100%|100%&#8221; text_orientation=&#8221;left&#8221; module_alignment=&#8221;center&#8221; animation_style=&#8221;zoom&#8221; link_option_url=&#8221;\/recrutement\/&#8221; custom_css_member_image=&#8221;margin: 0 auto;||width: 100%; ||&#8221; border_radii_image=&#8221;on|264px|264px|264px|264px&#8221; border_width_all_image=&#8221;4px&#8221; border_color_all_image=&#8221;#F89838&#8243; locked=&#8221;off&#8221; global_colors_info=&#8221;{}&#8221;]<\/p>\n<p><span>Vous avez le sens de l\u2019\u00e9coute et du partage. Votre soif d\u2019apprendre n\u2019a d\u2019\u00e9gale que votre motivation pour vous investir dans la croissance de votre future entreprise et de vos futurs collaborateurs.<\/span><\/p>\n<p>Alors rendez-vous \u00e0 la page <a href=\"\/recrutement\/\">recrutement<\/a> pour voir les postes ou collaborations possibles<\/p>\n<p>[\/et_pb_team_member][\/et_pb_column][\/et_pb_row][et_pb_row _builder_version=&#8221;4.16&#8243; global_colors_info=&#8221;{}&#8221;][et_pb_column type=&#8221;4_4&#8243; _builder_version=&#8221;4.16&#8243; custom_padding=&#8221;|||&#8221; global_colors_info=&#8221;{}&#8221; custom_padding__hover=&#8221;|||&#8221;][et_pb_button button_url=&#8221;@ET-DC@eyJkeW5hbWljIjp0cnVlLCJjb250ZW50IjoicG9zdF9saW5rX3VybF9wYWdlIiwic2V0dGluZ3MiOnsicG9zdF9pZCI6IjM2NCJ9fQ==@&#8221; button_text=&#8221;Contactez-nous&#8221; button_alignment=&#8221;center&#8221; _builder_version=&#8221;4.17.6&#8243; _dynamic_attributes=&#8221;button_url&#8221; button_icon=&#8221;&#x6a;||divi||400&#8243; custom_margin=&#8221;|||&#8221; animation_style=&#8221;bounce&#8221; global_module=&#8221;561&#8243; global_colors_info=&#8221;{}&#8221; button_text_size__hover_enabled=&#8221;off&#8221; button_one_text_size__hover_enabled=&#8221;off&#8221; button_two_text_size__hover_enabled=&#8221;off&#8221; button_text_color__hover_enabled=&#8221;off&#8221; button_one_text_color__hover_enabled=&#8221;off&#8221; button_two_text_color__hover_enabled=&#8221;off&#8221; button_border_width__hover_enabled=&#8221;off&#8221; button_one_border_width__hover_enabled=&#8221;off&#8221; button_two_border_width__hover_enabled=&#8221;off&#8221; button_border_color__hover_enabled=&#8221;off&#8221; button_one_border_color__hover_enabled=&#8221;off&#8221; button_two_border_color__hover_enabled=&#8221;off&#8221; button_border_radius__hover_enabled=&#8221;off&#8221; button_one_border_radius__hover_enabled=&#8221;off&#8221; button_two_border_radius__hover_enabled=&#8221;off&#8221; button_letter_spacing__hover_enabled=&#8221;off&#8221; button_one_letter_spacing__hover_enabled=&#8221;off&#8221; button_two_letter_spacing__hover_enabled=&#8221;off&#8221; button_bg_color__hover_enabled=&#8221;off&#8221; button_one_bg_color__hover_enabled=&#8221;off&#8221; button_two_bg_color__hover_enabled=&#8221;off&#8221;][\/et_pb_button][\/et_pb_column][\/et_pb_row][\/et_pb_section]<\/p>\n","protected":false},"excerpt":{"rendered":"<p>Digital-Eyes vous accompagne pour la ma\u00eetrise et la s\u00e9curisation de vos donn\u00e9es.<\/p>\n","protected":false},"author":3,"featured_media":0,"parent":0,"menu_order":0,"comment_status":"closed","ping_status":"closed","template":"","meta":{"_et_pb_use_builder":"on","_et_pb_old_content":"","_et_gb_content_width":""},"_links":{"self":[{"href":"https:\/\/www.digital-eyes.fr\/fr\/wp-json\/wp\/v2\/pages\/3323"}],"collection":[{"href":"https:\/\/www.digital-eyes.fr\/fr\/wp-json\/wp\/v2\/pages"}],"about":[{"href":"https:\/\/www.digital-eyes.fr\/fr\/wp-json\/wp\/v2\/types\/page"}],"author":[{"embeddable":true,"href":"https:\/\/www.digital-eyes.fr\/fr\/wp-json\/wp\/v2\/users\/3"}],"replies":[{"embeddable":true,"href":"https:\/\/www.digital-eyes.fr\/fr\/wp-json\/wp\/v2\/comments?post=3323"}],"version-history":[{"count":32,"href":"https:\/\/www.digital-eyes.fr\/fr\/wp-json\/wp\/v2\/pages\/3323\/revisions"}],"predecessor-version":[{"id":7663,"href":"https:\/\/www.digital-eyes.fr\/fr\/wp-json\/wp\/v2\/pages\/3323\/revisions\/7663"}],"wp:attachment":[{"href":"https:\/\/www.digital-eyes.fr\/fr\/wp-json\/wp\/v2\/media?parent=3323"}],"curies":[{"name":"wp","href":"https:\/\/api.w.org\/{rel}","templated":true}]}}