{"id":454,"date":"2019-03-12T12:38:17","date_gmt":"2019-03-12T12:38:17","guid":{"rendered":"https:\/\/www.digital-eyes.fr\/fr\/?page_id=454"},"modified":"2021-09-29T10:31:36","modified_gmt":"2021-09-29T09:31:36","slug":"rgpd","status":"publish","type":"page","link":"https:\/\/www.digital-eyes.fr\/fr\/rgpd\/","title":{"rendered":"Politique de Confidentialit\u00e9"},"content":{"rendered":"<p>[et_pb_section fb_built=&#8221;1&#8243; _builder_version=&#8221;4.10.6&#8243; background_color=&#8221;rgba(0,0,0,0)&#8221; custom_padding=&#8221;42px||0px|0px|false|false&#8221; top_divider_color=&#8221;#226699&#8243; saved_tabs=&#8221;all&#8221; global_colors_info=&#8221;{}&#8221; global_module=&#8221;2284&#8243;][et_pb_row _builder_version=&#8221;4.9.6&#8243; _module_preset=&#8221;default&#8221; global_colors_info=&#8221;{}&#8221;][et_pb_column type=&#8221;4_4&#8243; _builder_version=&#8221;4.6.6&#8243; _module_preset=&#8221;default&#8221; global_colors_info=&#8221;{}&#8221;][et_pb_text _builder_version=&#8221;4.10.6&#8243; _dynamic_attributes=&#8221;content&#8221; _module_preset=&#8221;default&#8221; text_orientation=&#8221;center&#8221; animation_direction=&#8221;bottom&#8221; global_colors_info=&#8221;{}&#8221;]@ET-DC@eyJkeW5hbWljIjp0cnVlLCJjb250ZW50IjoicG9zdF9leGNlcnB0Iiwic2V0dGluZ3MiOnsiYmVmb3JlIjoiPGgxPiIsImFmdGVyIjoiPC9oMT4iLCJ3b3JkcyI6IiIsInJlYWRfbW9yZV9sYWJlbCI6IiJ9fQ==@[\/et_pb_text][\/et_pb_column][\/et_pb_row][\/et_pb_section][et_pb_section fb_built=&#8221;1&#8243; _builder_version=&#8221;3.22&#8243; custom_padding=&#8221;4px|0px|0|0|false|false&#8221; global_colors_info=&#8221;{}&#8221;][et_pb_row _builder_version=&#8221;3.25&#8243; global_colors_info=&#8221;{}&#8221;][et_pb_column type=&#8221;4_4&#8243; _builder_version=&#8221;3.25&#8243; custom_padding=&#8221;|||&#8221; global_colors_info=&#8221;{}&#8221; custom_padding__hover=&#8221;|||&#8221;][et_pb_text module_class=&#8221;puce-info-dark&#8221; _builder_version=&#8221;4.6.6&#8243; text_font=&#8221;||||||||&#8221; ul_font=&#8221;||||||||&#8221; ol_font=&#8221;||||||||&#8221; custom_margin=&#8221;||||false|false&#8221; global_colors_info=&#8221;{}&#8221;]<\/p>\n<h2><strong>D\u00e9finitions<\/strong><\/h2>\n<p>[\/et_pb_text][et_pb_text _builder_version=&#8221;4.6.6&#8243; text_font=&#8221;||||||||&#8221; ul_font=&#8221;||||||||&#8221; ol_font=&#8221;||||||||&#8221; custom_margin=&#8221;||||false|false&#8221; global_colors_info=&#8221;{}&#8221;]<\/p>\n<p>Digital-Eyes, propri\u00e9taire des noms de domaines digital-eyes.fr, s\u2019engage \u00e0 respecter la vie priv\u00e9e et la protection de toute donn\u00e9e personnelle collect\u00e9e.<br \/> Digital-Eyes est assujettie au R\u00e8glement G\u00e9n\u00e9ral sur la Protection des Donn\u00e9es (ci-apr\u00e8s \u00ab RGPD \u00bb).<\/p>\n<p>Les donn\u00e9es personnelles s\u2019entendent comme toute donn\u00e9e concernant un Utilisateur identifiable. Est r\u00e9put\u00e9e identifiable toute personne physique pouvant \u00eatre identifi\u00e9e, directement ou indirectement, sur la base des informations collect\u00e9es \u00e0 son sujet dans le cadre de la fourniture d\u2019un Service par Digital-Eyes.<br \/> Le terme Service (ci-apr\u00e8s d\u00e9nomm\u00e9 \u00ab Service(s) \u00bb) s\u2019applique \u00e0 tout site web, application, outil ou tout autre produit propos\u00e9 par Digital-Eyes destin\u00e9 \u00e0 \u00eatre employ\u00e9 par un Utilisateur, dans lequel la pr\u00e9sente Charte de Confidentialit\u00e9 est r\u00e9f\u00e9renc\u00e9e, ind\u00e9pendamment de la fa\u00e7on dont vous acc\u00e9dez ou utilisez le Service, y compris via des appareils mobiles. Le terme Utilisateur s\u2019applique aux personnes qui ont utilis\u00e9 un Service fourni par Digital-Eyes.<\/p>\n<p>[\/et_pb_text][et_pb_text module_class=&#8221;puce-info-dark&#8221; _builder_version=&#8221;4.6.6&#8243; text_font=&#8221;||||||||&#8221; ul_font=&#8221;||||||||&#8221; ol_font=&#8221;||||||||&#8221; custom_margin=&#8221;||||false|false&#8221; custom_padding=&#8221;1px|||||&#8221; global_colors_info=&#8221;{}&#8221;]<\/p>\n<h2><strong>Champs d&#8217;application<br \/> <\/strong><\/h2>\n<p>[\/et_pb_text][et_pb_text module_class=&#8221;puce-info-dark&#8221; _builder_version=&#8221;4.6.6&#8243; text_font=&#8221;||||||||&#8221; ul_font=&#8221;||||||||&#8221; ol_font=&#8221;||||||||&#8221; min_height=&#8221;88px&#8221; custom_margin=&#8221;||||false|false&#8221; custom_padding=&#8221;1px|||||&#8221; global_colors_info=&#8221;{}&#8221;]<\/p>\n<p>La pr\u00e9sente Charte de Confidentialit\u00e9 explique comment nous r\u00e9coltons vos donn\u00e9es personnelles, comment nous les utilisons et comment nous prot\u00e9geons la confidentialit\u00e9 de vos donn\u00e9es personnelles conform\u00e9ment au RGPD. Elle \u00e9nonce \u00e9galement les informations que nous sommes tenus de donner aux personnes concern\u00e9es en vertu du RGPD. Les principes \u00e9nonc\u00e9s dans la pr\u00e9sente Charte de Confidentialit\u00e9 s\u2019appliqueront \u00e0 toutes les donn\u00e9es personnelles que vous fournissez \u00e0 Digital-Eyes, ainsi qu\u2019\u00e0 toute donn\u00e9e personnelle que nous collectons par d\u2019autres sources.<\/p>\n<p>[\/et_pb_text][et_pb_text module_class=&#8221;puce-info-dark&#8221; _builder_version=&#8221;4.6.6&#8243; _module_preset=&#8221;default&#8221; custom_margin=&#8221;||||false|false&#8221; custom_padding=&#8221;||||false|false&#8221; global_colors_info=&#8221;{}&#8221;]<\/p>\n<h2>Collecte de donn\u00e9es personnelles<\/h2>\n<p>[\/et_pb_text][et_pb_text _builder_version=&#8221;4.6.6&#8243; _module_preset=&#8221;default&#8221; custom_margin=&#8221;||||false|false&#8221; global_colors_info=&#8221;{}&#8221;]<\/p>\n<p>Nous collectons les donn\u00e9es personnelles directement aupr\u00e8s de vous et vous informons de la base juridique sur laquelle nous les acqu\u00e9rons. Les donn\u00e9es personnelles sont habituellement recueillies dans le cadre de nos relations et peuvent \u00eatre fournies par correspondance (par lettre, e-mail, sur notre site web lors d\u2019un achat, lors d\u2019un \u00e9v\u00e9nement ou d\u2019une promotion) ou en personne.<\/p>\n<p>[\/et_pb_text][et_pb_text module_class=&#8221;puce-info-dark&#8221; _builder_version=&#8221;4.6.6&#8243; _module_preset=&#8221;default&#8221; min_height=&#8221;22px&#8221; global_colors_info=&#8221;{}&#8221;]<\/p>\n<h2>Les donn\u00e9es personnelles collect\u00e9es<\/h2>\n<p>[\/et_pb_text][et_pb_text _builder_version=&#8221;4.6.6&#8243; _module_preset=&#8221;default&#8221; global_colors_info=&#8221;{}&#8221;]<\/p>\n<p>Les donn\u00e9es personnelles que nous collectons sont des informations relatives \u00e0 la finalit\u00e9 pour laquelle nous collectons ces donn\u00e9es.<br \/>Les informations que nous collectons peuvent inclure :<br \/>\u2022 votre nom,<br \/>\u2022 votre civilit\u00e9,<br \/>\u2022 votre adresse postale et \/ ou r\u00e9sidentielle,<br \/>\u2022 votre num\u00e9ro de t\u00e9l\u00e9phone,<br \/>\u2022 votre adresse e-mail,<br \/>\u2022 pour activer les paiements, cr\u00e9dits ou autres transactions que vous pouvez conclure avec nous, votre carte de cr\u00e9dit ou d\u2019autres d\u00e9tails de compte, nous utilisons un tiers pour traiter ces op\u00e9rations faites \u00e0 partir de notre site Web.<\/p>\n<p>[\/et_pb_text][et_pb_text module_class=&#8221;puce-info-dark&#8221; _builder_version=&#8221;4.6.6&#8243; _module_preset=&#8221;default&#8221; min_height=&#8221;22px&#8221; global_colors_info=&#8221;{}&#8221;]<\/p>\n<h2>Finalit\u00e9s pour lesquelles nous collectons des donn\u00e9es personnelles<\/h2>\n<p>[\/et_pb_text][et_pb_text _builder_version=&#8221;4.9.6&#8243; _module_preset=&#8221;default&#8221; global_colors_info=&#8221;{}&#8221;]<\/p>\n<p>Digital-Eyes collecte des donn\u00e9es personnelles pour les finalit\u00e9s suivantes :<br \/>\u2022 vous fournir des informations sur les services, produits, promotions ou \u00e9v\u00e9nements,<br \/>\u2022 r\u00e9pondre \u00e0 vos questions ou vos commentaires,<br \/>\u2022 vous permettre d\u2019acheter les services ou produits que vous d\u00e9cidez d\u2019acheter chez nous, et traiter vos commandes et g\u00e9rer les questions administratives associ\u00e9es,<br \/>\u2022 vous permettre de participer \u00e0 des concours, des promotions ou des \u00e9v\u00e9nements que nous promouvons ou que nous organisons.<br \/>Nous pouvons aussi vous envoyer des communications marketing ou promotionnelles sur nos services ou marques. Si vous ne souhaitez pas recevoir de telles communications, veuillez nous envoyer un message en utilisant le <a href=\"https:\/\/www.digital-eyes.fr\/fr\/informaticien-trets\/\">formulaire de contact<\/a> et nous respecterons votre demande en mettant fin aux communications futures. Vous pouvez \u00e9galement vous d\u00e9sinscrire de nos newsletters via le lien d\u00e9di\u00e9 dans l\u2019e-mail que vous avez re\u00e7u.<\/p>\n<p>[\/et_pb_text][et_pb_text module_class=&#8221;puce-info-dark&#8221; _builder_version=&#8221;4.6.6&#8243; _module_preset=&#8221;default&#8221; min_height=&#8221;22px&#8221; custom_margin=&#8221;||44px|||&#8221; global_colors_info=&#8221;{}&#8221;]<\/p>\n<h2>Traitement de vos donn\u00e9es personnelles<\/h2>\n<p>[\/et_pb_text][et_pb_text _builder_version=&#8221;4.6.6&#8243; _module_preset=&#8221;default&#8221; global_colors_info=&#8221;{}&#8221;]<\/p>\n<p>Nous traiterons les donn\u00e9es personnelles pour l\u2019objectif pour lequel elles ont \u00e9t\u00e9 collect\u00e9es (voir ci-dessous) et selon diff\u00e9rentes bases l\u00e9gales de traitement (par exemple, remplir un contrat avec vous, respecter notre obligation l\u00e9gale\u2026) que nous vous pr\u00e9ciserons.<\/p>\n<blockquote>\n<p><strong>Nous ne vendons, ni ne louons en aucun cas, les donn\u00e9es personnelles collect\u00e9es \u00e0 des organismes tiers. <\/strong><\/p>\n<\/blockquote>\n<p>Nous pouvons enfin fournir des donn\u00e9es personnelles \u00e0 nos conseillers professionnels, y compris nos avocats, comptables et auditeurs pour effectuer des services pour notre compte et \u00e0 tout organisme gouvernemental ou r\u00e9glementaire, si la loi l\u2019exige.<\/p>\n<p>[\/et_pb_text][et_pb_text module_class=&#8221;puce-info-dark&#8221; _builder_version=&#8221;4.6.6&#8243; _module_preset=&#8221;default&#8221; min_height=&#8221;22px&#8221; custom_margin=&#8221;||44px|||&#8221; global_colors_info=&#8221;{}&#8221;]<\/p>\n<h2>Droit d&#8217;acc\u00e8s aux donn\u00e9es personnelles<\/h2>\n<p>[\/et_pb_text][et_pb_text _builder_version=&#8221;4.6.6&#8243; _module_preset=&#8221;default&#8221; global_colors_info=&#8221;{}&#8221;]<\/p>\n<p>Vous pouvez acc\u00e9der \u00e0 vos donn\u00e9es sur simple demande par e-mail ou en utilisant le formulaire de contact. Vous pourrez \u00e9galement demander l\u2019anonymisation de vos donn\u00e9es. En cas de demandes manifestement infond\u00e9es ou excessives, notez que nous pourrons exiger le paiement de frais raisonnables tenant compte des co\u00fbts administratifs support\u00e9s ou encore refuser de donner suite \u00e0 ces demandes. En tout \u00e9tat de cause et avant de fournir de telles informations, nous pourrons avoir besoin de prendre des mesures de v\u00e9rification de votre identit\u00e9.<br \/>Si nous refusons de vous donner acc\u00e8s aux donn\u00e9es personnelles, nous vous fournirons les raisons de ce refus et vous informerons de votre droit d\u2019introduire une r\u00e9clamation aupr\u00e8s d\u2019une autorit\u00e9 de contr\u00f4le et de former un recours juridictionnel. Vous pouvez \u00e9galement introduire une plainte aupr\u00e8s de notre responsable de la protection de la vie priv\u00e9e, tel qu\u2019identifi\u00e9 ci-dessous, par \u00e9crit, par e-mail ou aux adresses indiqu\u00e9es ci-dessous. Nous traiterons votre r\u00e9clamation dans un d\u00e9lai raisonnable et si vous estimez que nous ne l\u2019avons pas trait\u00e9e de mani\u00e8re satisfaisante, nous vous fournirons des informations sur les \u00e9tapes suppl\u00e9mentaires qui vous sont disponibles.<\/p>\n<p>[\/et_pb_text][et_pb_text module_class=&#8221;puce-info-dark&#8221; _builder_version=&#8221;4.6.6&#8243; _module_preset=&#8221;default&#8221; min_height=&#8221;22px&#8221; custom_margin=&#8221;||44px|||&#8221; global_colors_info=&#8221;{}&#8221;]<\/p>\n<h2>Exactitude, exhaustivit\u00e9 et actualisation de vos donn\u00e9es personnelles<\/h2>\n<p>[\/et_pb_text][et_pb_text _builder_version=&#8221;4.6.6&#8243; _module_preset=&#8221;default&#8221; global_colors_info=&#8221;{}&#8221;]<\/p>\n<h4><\/h4>\n<p>Nous prenons toute disposition raisonnable pour nous assurer que vos donn\u00e9es personnelles sont exactes, compl\u00e8tes et \u00e0 jour. Si l\u2019un des renseignements personnels que nous d\u00e9tenons \u00e0 votre sujet est inexact, incomplet ou p\u00e9rim\u00e9, veuillez nous contacter imm\u00e9diatement et nous prendrons des mesures raisonnables pour corriger cette information. Vous avez \u00e9galement le droit de demander que nous supprimions vos donn\u00e9es personnelles, que nous cessions de les traiter ou encore demander une restriction de notre utilisation de vos donn\u00e9es personnelles. Vous pouvez enfin demander qu\u2019au titre de votre droit \u00e0 la portabilit\u00e9, nous transf\u00e9rions des \u00e9l\u00e9ments de vos donn\u00e9es soit \u00e0 vous, soit \u00e0 un autre fournisseur de services.<\/p>\n<p>[\/et_pb_text][et_pb_text module_class=&#8221;puce-info-dark&#8221; _builder_version=&#8221;4.6.6&#8243; _module_preset=&#8221;default&#8221; min_height=&#8221;22px&#8221; custom_margin=&#8221;||44px|||&#8221; global_colors_info=&#8221;{}&#8221;]<\/p>\n<h2>Dur\u00e9e de conservation de vos donn\u00e9es personnelles<\/h2>\n<p>[\/et_pb_text][et_pb_text _builder_version=&#8221;4.6.6&#8243; _module_preset=&#8221;default&#8221; global_colors_info=&#8221;{}&#8221;]<\/p>\n<p>Nous conservons vos donn\u00e9es personnelles le temps n\u00e9cessaire \u00e0 la fourniture du\/des Service(s) que vous avez sollicit\u00e9(s), ou pour d\u2019autres finalit\u00e9s essentielles telles que la conformit\u00e9 \u00e0 nos obligations l\u00e9gales, la r\u00e9solution de litiges ou encore l\u2019application de nos politiques.<\/p>\n<p>[\/et_pb_text][et_pb_text module_class=&#8221;puce-info-dark&#8221; _builder_version=&#8221;4.6.6&#8243; _module_preset=&#8221;default&#8221; min_height=&#8221;22px&#8221; custom_margin=&#8221;||44px|||&#8221; global_colors_info=&#8221;{}&#8221;]<\/p>\n<h2>S\u00e9curit\u00e9 de vos donn\u00e9es personnelles<\/h2>\n<p>[\/et_pb_text][et_pb_text _builder_version=&#8221;4.6.6&#8243; _module_preset=&#8221;default&#8221; global_colors_info=&#8221;{}&#8221;]<\/p>\n<p>Les donn\u00e9es personnelles que nous d\u00e9tenons sont stock\u00e9es soit dans des documents papiers, soit sous forme de donn\u00e9es \u00e9lectroniques. Nous prenons toute mesure raisonnable pour prot\u00e9ger les donn\u00e9es personnelles, sous quelque forme que ce soit, contre l\u2019utilisation abusive ou la perte et contre l\u2019acc\u00e8s, la modification et la divulgation non autoris\u00e9s.<br \/>La s\u00e9curit\u00e9 physique est maintenue dans nos locaux, nos donn\u00e9es papiers et \u00e9lectroniques, par diff\u00e9rents syst\u00e8mes de s\u00e9curit\u00e9 tels que des syst\u00e8mes de contr\u00f4le d\u2019acc\u00e8s et verrouillage. Nous maintenons \u00e9galement la s\u00e9curit\u00e9 informatique et r\u00e9seau ; par exemple, nous utilisons des pare-feu (mesures de s\u00e9curit\u00e9 pour Internet) et d\u2019autres syst\u00e8mes de s\u00e9curit\u00e9 tels que des identifiants d\u2019utilisateur et des mots de passe pour contr\u00f4ler l\u2019acc\u00e8s \u00e0 notre syst\u00e8me informatique. N\u00e9anmoins, vous comprendrez que les syst\u00e8mes de stockage et de transmission de donn\u00e9es, en particulier les syst\u00e8mes \u00e9lectroniques et Web, ne peuvent pas \u00eatre s\u00fbrs \u00e0 100 % dans toutes les situations et qu\u2019il existe des limites de s\u00e9curit\u00e9 inh\u00e9rentes \u00e0 ces syst\u00e8mes.<\/p>\n<p>[\/et_pb_text][et_pb_text module_class=&#8221;puce-info-dark&#8221; _builder_version=&#8221;4.6.6&#8243; _module_preset=&#8221;default&#8221; min_height=&#8221;22px&#8221; custom_margin=&#8221;||44px|||&#8221; global_colors_info=&#8221;{}&#8221;]<\/p>\n<h2>Cookies<\/h2>\n<p>[\/et_pb_text][et_pb_text _builder_version=&#8221;4.6.6&#8243; _module_preset=&#8221;default&#8221; global_colors_info=&#8221;{}&#8221;]<\/p>\n<p>Lorsque vous visitez nos sites web, vous pouvez naviguer et acc\u00e9der \u00e0 des informations importantes, sans r\u00e9v\u00e9ler votre identit\u00e9. Afin d\u2019am\u00e9liorer notre site, nous utilisons des cookies pour suivre votre visite. Un cookie est une petit fichier texte au format alphanum\u00e9rique qui est transf\u00e9r\u00e9 \u00e0 votre navigateur par un serveur Web et ne peut \u00eatre lu que par le serveur qui vous l\u2019a donn\u00e9. Il ne peut pas \u00eatre ex\u00e9cut\u00e9 en tant que code ou transmettre des virus.<br \/>La plupart des navigateurs sont initialement configur\u00e9s pour accepter les cookies. Vous pouvez configurer votre navigateur pour qu\u2019il vous avertisse lorsque vous recevez un cookie, ce qui vous permet de d\u00e9cider s\u2019il doit l\u2019accepter.<\/p>\n<p>[\/et_pb_text][et_pb_text module_class=&#8221;puce-info-dark&#8221; _builder_version=&#8221;4.6.6&#8243; _module_preset=&#8221;default&#8221; min_height=&#8221;22px&#8221; custom_margin=&#8221;||44px|||&#8221; global_colors_info=&#8221;{}&#8221;]<\/p>\n<h2>Mise \u00e0 jour de notre politique de confidentialit\u00e9<\/h2>\n<p>[\/et_pb_text][et_pb_text _builder_version=&#8221;4.6.6&#8243; _module_preset=&#8221;default&#8221; global_colors_info=&#8221;{}&#8221;]<\/p>\n<p>Nous devrons peut-\u00eatre mettre \u00e0 jour notre politique de confidentialit\u00e9 pour nous conformer aux lois ou pour refl\u00e9ter les changements apport\u00e9s \u00e0 nos pratiques commerciales. Toutes les mises \u00e0 jour seront publi\u00e9es sur notre site Web. Nous mettrons toute mesure raisonnable en \u0153uvre afin de vous informer de ces mises \u00e0 jour et nous vous encourageons \u00e0 consulter r\u00e9guli\u00e8rement notre site Web pour vous assurer de bien comprendre notre politique en vigueur.<\/p>\n<p>[\/et_pb_text][et_pb_text module_class=&#8221;puce-info-dark&#8221; _builder_version=&#8221;4.6.6&#8243; _module_preset=&#8221;default&#8221; min_height=&#8221;22px&#8221; custom_margin=&#8221;||44px|||&#8221; global_colors_info=&#8221;{}&#8221;]<\/p>\n<h2>Nous contacter<\/h2>\n<p>[\/et_pb_text][et_pb_text module_class=&#8221;puce-info-dark&#8221; _builder_version=&#8221;4.9.6&#8243; text_font=&#8221;||||||||&#8221; ul_font=&#8221;||||||||&#8221; ol_font=&#8221;||||||||&#8221; global_colors_info=&#8221;{}&#8221;]<\/p>\n<p>Pour nous contacter au sujet de la pr\u00e9sente politique de confidentialit\u00e9, vous pouvez nous joindre en utilisant le <a href=\"https:\/\/www.digital-eyes.fr\/fr\/informaticien-trets\/\">formulaire de contact.<\/a><\/p>\n<p>[\/et_pb_text][\/et_pb_column][\/et_pb_row][\/et_pb_section]<\/p>\n","protected":false},"excerpt":{"rendered":"<p>Protection, respect et confidentialit\u00e9 de vos donn\u00e9es personnelles font parties de nos valeurs.<\/p>\n","protected":false},"author":3,"featured_media":0,"parent":0,"menu_order":0,"comment_status":"closed","ping_status":"closed","template":"","meta":{"_et_pb_use_builder":"on","_et_pb_old_content":"<h3>Chez Digital-Eyes, Le respect de vos donn\u00e9es personnelles fait partie de nos valeurs.<\/h3>\r\n<strong>D\u00e9finitions\r\n<\/strong>\r\nDigital-Eyes, propri\u00e9taire des nom de domaines digital-eyes.fr s\u2019engage \u00e0 respecter la vie priv\u00e9e et la protection de toute donn\u00e9e personnelle collect\u00e9e.\r\nDigital-Eyes est assujettie au R\u00e8glement G\u00e9n\u00e9ral sur la Protection des Donn\u00e9es (ci-apr\u00e8s \u00ab RGPD \u00bb).\r\nLes donn\u00e9es personnelles s\u2019entendent comme toute donn\u00e9e concernant un Utilisateur identifiable. Est r\u00e9put\u00e9 identifiable toute personne physique pouvant \u00eatre identifi\u00e9e, directement ou indirectement, sur la base des informations collect\u00e9es \u00e0 son sujet dans le cadre de la fourniture d\u2019un Service par Digital-Eyes. Le terme Service (ci-apr\u00e8s d\u00e9nomm\u00e9 \u00ab Service(s) \u00bb) s\u2019applique \u00e0 tout site web, application, outil ou tout autre produit propos\u00e9 parDigital-Eyes destin\u00e9 \u00e0 \u00eatre employ\u00e9 par un Utilisateur, dans lequel la pr\u00e9sente Charte de Confidentialit\u00e9 est r\u00e9f\u00e9renc\u00e9e, ind\u00e9pendamment de la fa\u00e7on dont vous acc\u00e9dez ou utilisez le Service, y compris via des appareils mobiles. Le terme Utilisateur s\u2019applique aux personnes qui ont utilis\u00e9 un Service fourni par Digital-Eyes.\r\n<ol>\r\n \t<li>\r\n<h4><strong>CHAMP D\u2019APPLICATION<\/strong><\/h4>\r\nLa pr\u00e9sente Charte de Confidentialit\u00e9 explique comment nous obtenons vos donn\u00e9es personnelles, comment nous utilisons ces donn\u00e9es personnelles et comment nous prot\u00e9geons la confidentialit\u00e9 de vos donn\u00e9es personnelles conform\u00e9ment au RGPD. Elle \u00e9nonce \u00e9galement les informations que nous sommes tenus de donner aux personnes concern\u00e9es en vertu du RGPD. Les principes \u00e9nonc\u00e9s dans la pr\u00e9sente Charte de Confidentialit\u00e9 s\u2019appliqueront \u00e0 toutes les donn\u00e9es personnelles que vous fournissez \u00e0 Digital-Eyes ainsi qu\u2019\u00e0 toute donn\u00e9e personnelle que nous collectons par d\u2019autres sources.<\/li>\r\n \t<li>\r\n<h4><strong>COLLECTE DE DONN\u00c9ES PERSONNELLES<\/strong><\/h4>\r\nNous collectons les donn\u00e9es personnelles directement aupr\u00e8s de vous et vous informons de la base juridique sur laquelle nous les acqu\u00e9rons. Les donn\u00e9es personnelles sont habituellement recueillies dans le cadre de nos relations et peuvent \u00eatre fournies par correspondance (par lettre, email, sur notre site web lors d\u2019un achat, lors d\u2019un \u00e9v\u00e9nement ou d\u2019une promotion), ou en personne.<\/li>\r\n \t<li>\r\n<h4><strong>LES DONN\u00c9ES PERSONNELLES COLLECT\u00c9ES<\/strong><\/h4>\r\nLes types de donn\u00e9es personnelles que nous collectons sont des informations relatives \u00e0 la finalit\u00e9 pour laquelle nous collectons ces donn\u00e9es.\r\nLes informations que nous collectons peuvent inclure :\r\n\u2022 Votre nom\r\n\u2022 Votre civilit\u00e9\r\n\u2022 Votre adresse postale et \/ ou r\u00e9sidentielle\r\n\u2022 Num\u00e9ro de t\u00e9l\u00e9phone\r\n\u2022 Adresse e-mail\r\n\u2022 Pour activer les paiements, cr\u00e9dits ou autres transactions que vous pouvez conclure avec nous, votre carte de cr\u00e9dit ou d\u2019autres d\u00e9tails de compte nous utilisons un tiers pour traiter ces op\u00e9rations faites \u00e0 partir de notre site Web.<\/li>\r\n \t<li>\r\n<h4><strong>FINALIT\u00c9S POUR LESQUELLES NOUS COLLECTONS DES DONN\u00c9ES PERSONNELLES\r\n<\/strong><\/h4>\r\nDigital-Eyes collecte des donn\u00e9es personnelles pour les finalit\u00e9s suivantes :\r\n\u2022 Pour vous fournir des informations sur les services, produits, promotions ou \u00e9v\u00e9nements.\r\n\u2022 Pour pouvoir r\u00e9pondre aux questions ou commentaires que vous avez;\r\n\u2022 Pour vous permettre d\u2019acheter les services ou produits que vous d\u00e9cidez d\u2019acheter chez nous, et pour traiter vos commandes et g\u00e9rer les questions administratives associ\u00e9es;\r\n\u2022 Pour vous permettre de participer \u00e0 des concours, des promotions ou des \u00e9v\u00e9nements que nous promouvons ou que nous organisons;\r\nNous pouvons aussi vous envoyer des communications marketing ou promotionnelles sur nos services ou marques. Si vous ne souhaitez pas recevoir de telles communications, veuillez nous envoyer un message en utilisant le <a href=\"https:\/\/www.digital-eyes.fr\/fr\/contact\/\">formulaire de contact<\/a> et nous respecterons votre demande et mettrons fin aux communications futures. Vous pouvez \u00e9galement vous d\u00e9sinscrire de nos newsletters via le lien d\u00e9di\u00e9 dans l\u2019email que vous avez re\u00e7u.<\/li>\r\n \t<li>\r\n<h4><strong>TRAITEMENT DE VOS DONN\u00c9ES PERSONNELLES<\/strong><\/h4>\r\nNous traiterons les donn\u00e9es personnelles pour l\u2019objectif pour lequel elles ont \u00e9t\u00e9 collect\u00e9es (voir ci-dessous) et selon diff\u00e9rentes bases l\u00e9gales de traitement (par exemple, remplir un contrat avec vous, respecter notre obligation l\u00e9gale \u2026 etc) que nous vous pr\u00e9ciserons.\r\n<blockquote><strong>Nous ne vendons ni ne louons en aucun cas les donn\u00e9es personnelles collect\u00e9es \u00e0 des organismes tiers.\r\n<\/strong><\/blockquote>\r\nNous pouvons enfin fournir des donn\u00e9es personnelles \u00e0 nos conseillers professionnels, y compris nos avocats, comptables et auditeurs pour effectuer des services pour notre compte et \u00e0 tout organisme gouvernemental ou r\u00e9glementaire, si la loi l\u2019exige.\r\n\r\n\u00a0<\/li>\r\n \t<li>\r\n<h4><strong>DROIT D\u2019ACC\u00c8S AUX DONN\u00c9ES PERSONNELLES\r\n<\/strong><\/h4>\r\nVous pouvez acc\u00e9der \u00e0 vos donn\u00e9es sur simple demande par courriel ou en utilisant le formulaire de contact. Vous pourrez \u00e9galement demander l\u2019anonymisation de vos donn\u00e9es. En cas de demandes manifestement infond\u00e9es ou excessives, notez que nous pourrons exiger le paiement de frais raisonnables tenant compte des co\u00fbts administratifs support\u00e9s ou encore refuser de donner suite \u00e0 ces demandes. En tout \u00e9tat de cause et avant de fournir de telles informations, nous pourrons avoir besoin de prendre des mesures de v\u00e9rification de votre identit\u00e9.\r\nSi nous refusons de vous donner acc\u00e8s aux donn\u00e9es personnelles, nous vous fournirons les raisons de ce refus et vous informerons de votre droit d\u2019introduire une r\u00e9clamation aupr\u00e8s d\u2019une autorit\u00e9 de contr\u00f4le et de former un recours juridictionnel. Vous pouvez \u00e9galement introduire une plainte aupr\u00e8s de notre responsable de la protection de la vie priv\u00e9e, tel qu\u2019identifi\u00e9 ci-dessous, par \u00e9crit, par courriel ou aux adresses indiqu\u00e9es ci-dessous. Nous traiterons votre r\u00e9clamation dans un d\u00e9lai raisonnable et si vous estimez que nous ne l\u2019avons pas trait\u00e9e de mani\u00e8re satisfaisante, nous vous fournirons des informations sur les \u00e9tapes suppl\u00e9mentaires qui vous sont disponibles.\r\n\r\n\u00a0<\/li>\r\n \t<li>\r\n<h4><strong>EXACTITUDE, EXHAUSTIVIT\u00c9 ET ACTUALIT\u00c9 DE VOS DONN\u00c9ES PERSONNELLES\r\n<\/strong><\/h4>\r\nNous prenons toute disposition raisonnable pour nous assurer que vos donn\u00e9es personnelles sont exactes, compl\u00e8tes et \u00e0 jour. Si l\u2019un des renseignements personnels que nous d\u00e9tenons \u00e0 votre sujet est inexact, incomplet ou p\u00e9rim\u00e9, veuillez nous contacter imm\u00e9diatement et nous prendrons des mesures raisonnables pour corriger cette information. Vous avez \u00e9galement le droit de demander que nous supprimions vos donn\u00e9es personnelles, que nous cessions de les traiter ou vous pouvez aussi demander une restriction de notre utilisation de vos donn\u00e9es personnelles. Vous pouvez enfin demander qu\u2019au titre de votre droit \u00e0 la portabilit\u00e9, nous transf\u00e9rions des \u00e9l\u00e9ments de vos donn\u00e9es soit \u00e0 vous, soit \u00e0 un autre fournisseur de services.\r\n\r\n\u00a0<\/li>\r\n \t<li>\r\n<h4><strong>DUR\u00c9E DE CONSERVATION DE VOS DONN\u00c9ES PERSONNELLES<\/strong><\/h4>\r\nNous conservons vos donn\u00e9es personnelles le temps n\u00e9cessaire \u00e0 la fourniture du\/des Service(s) que vous avez sollicit\u00e9(s), ou pour d\u2019autres finalit\u00e9s essentielles telles que la conformit\u00e9 \u00e0 nos obligations l\u00e9gales, la r\u00e9solution de litiges ou encore l\u2019application de nos politiques.<\/li>\r\n \t<li>\r\n<h4><strong>S\u00c9CURIT\u00c9 DE VOS DONN\u00c9ES PERSONNELLES<\/strong><\/h4>\r\nLes donn\u00e9es personnelles que nous d\u00e9tenons sont stock\u00e9es soit dans des documents papier, soit sous forme de donn\u00e9es \u00e9lectroniques. Nous prenons toute mesure raisonnable pour prot\u00e9ger les donn\u00e9es personnelles, sous quelque forme que ce soit, contre l\u2019utilisation abusive ou la perte et contre l\u2019acc\u00e8s, la modification et la divulgation non autoris\u00e9s.\r\nLa s\u00e9curit\u00e9 physique est maintenue dans nos locaux, nos donn\u00e9es papier et \u00e9lectroniques par diff\u00e9rents syst\u00e8mes de s\u00e9curit\u00e9, tels que des syst\u00e8mes de contr\u00f4le d\u2019acc\u00e8s et verrouillage. Nous maintenons \u00e9galement la s\u00e9curit\u00e9 informatique et r\u00e9seau; par exemple, nous utilisons des pare-feu (mesures de s\u00e9curit\u00e9 pour Internet) et d\u2019autres syst\u00e8mes de s\u00e9curit\u00e9 tels que des identifiants d\u2019utilisateur et des mots de passe pour contr\u00f4ler l\u2019acc\u00e8s \u00e0 notre syst\u00e8me informatique. N\u00e9anmoins, vous comprendrez que les syst\u00e8mes de stockage et de transmission de donn\u00e9es, en particulier les syst\u00e8mes \u00e9lectroniques et Web, ne peuvent pas \u00eatre s\u00fbrs \u00e0 100% dans toutes les situations et qu\u2019il existe des limites de s\u00e9curit\u00e9 inh\u00e9rentes \u00e0 ces syst\u00e8mes.<\/li>\r\n \t<li>\r\n<h4><strong>COOKIES<\/strong><\/h4>\r\nLorsque vous visitez nos sites web, vous pouvez naviguer et acc\u00e9der \u00e0 des informations importantes sans r\u00e9v\u00e9ler votre identit\u00e9. Afin d\u2019am\u00e9liorer notre site, nous utilisons des \u00abcookies\u00bb pour suivre votre visite. Un cookie est une petit fichier texte au format alphanum\u00e9rique qui est transf\u00e9r\u00e9 \u00e0 votre navigateur par un serveur Web et ne peut \u00eatre lu que par le serveur qui vous l\u2019a donn\u00e9. Il ne peut pas \u00eatre ex\u00e9cut\u00e9 en tant que code ou transmettre des virus.\r\nLa plupart des navigateurs sont initialement configur\u00e9s pour accepter les cookies. Vous pouvez configurer votre navigateur pour qu\u2019il vous avertisse lorsque vous recevez un cookie, ce qui vous permet de d\u00e9cider s\u2019il doit l\u2019accepter.<\/li>\r\n \t<li>\r\n<h4><strong>MISE \u00c0 JOUR DE NOTRE POLITIQUE DE CONFIDENTIALIT\u00c9<\/strong><\/h4>\r\nNous devrons peut-\u00eatre mettre \u00e0 jour notre politique de confidentialit\u00e9 pour nous conformer aux lois ou pour refl\u00e9ter les changements apport\u00e9s \u00e0 nos pratiques commerciales. Toutes les mises \u00e0 jour seront publi\u00e9es sur notre site Web. Nous mettrons toute mesure raisonnable en \u0153uvre afin de vous informer de ces mises \u00e0 jour et nous vous encourageons \u00e0 consulter r\u00e9guli\u00e8rement notre site Web pour vous assurer de bien comprendre notre politique en vigueur.<\/li>\r\n \t<li>\r\n<h4><strong>NOUS CONTACTER<\/strong><\/h4>\r\nPour nous contacter au sujet de la pr\u00e9sente politique de confidentialit\u00e9, vous pouvez nous joindre en utilisant le <a href=\"https:\/\/www.digital-eyes.fr\/fr\/contact\/\">formulaire de contact<\/a><\/li>\r\n<\/ol>","_et_gb_content_width":""},"_links":{"self":[{"href":"https:\/\/www.digital-eyes.fr\/fr\/wp-json\/wp\/v2\/pages\/454"}],"collection":[{"href":"https:\/\/www.digital-eyes.fr\/fr\/wp-json\/wp\/v2\/pages"}],"about":[{"href":"https:\/\/www.digital-eyes.fr\/fr\/wp-json\/wp\/v2\/types\/page"}],"author":[{"embeddable":true,"href":"https:\/\/www.digital-eyes.fr\/fr\/wp-json\/wp\/v2\/users\/3"}],"replies":[{"embeddable":true,"href":"https:\/\/www.digital-eyes.fr\/fr\/wp-json\/wp\/v2\/comments?post=454"}],"version-history":[{"count":18,"href":"https:\/\/www.digital-eyes.fr\/fr\/wp-json\/wp\/v2\/pages\/454\/revisions"}],"predecessor-version":[{"id":5295,"href":"https:\/\/www.digital-eyes.fr\/fr\/wp-json\/wp\/v2\/pages\/454\/revisions\/5295"}],"wp:attachment":[{"href":"https:\/\/www.digital-eyes.fr\/fr\/wp-json\/wp\/v2\/media?parent=454"}],"curies":[{"name":"wp","href":"https:\/\/api.w.org\/{rel}","templated":true}]}}